{"id":91,"date":"2025-07-17T10:31:50","date_gmt":"2025-07-17T10:31:50","guid":{"rendered":"https:\/\/profin-claims.com\/?page_id=91"},"modified":"2025-07-17T10:53:15","modified_gmt":"2025-07-17T10:53:15","slug":"abgasskandal","status":"publish","type":"page","link":"https:\/\/profin-claims.com\/?page_id=91","title":{"rendered":"Abgasskandal"},"content":{"rendered":"\t\t<div data-elementor-type=\"wp-page\" data-elementor-id=\"91\" class=\"elementor elementor-91\" data-elementor-post-type=\"page\">\n\t\t\t\t<div class=\"elementor-element elementor-element-4e3c393 e-flex e-con-boxed e-con e-parent\" data-id=\"4e3c393\" data-element_type=\"container\" data-settings=\"{&quot;background_background&quot;:&quot;classic&quot;}\">\n\t\t\t\t\t<div class=\"e-con-inner\">\n\t\t\t\t<div class=\"elementor-element elementor-element-04c1f2a elementor-widget elementor-widget-heading\" data-id=\"04c1f2a\" data-element_type=\"widget\" data-widget_type=\"heading.default\">\n\t\t\t\t\t<h2 class=\"elementor-heading-title elementor-size-default\">Auch vom Dieselskandal betroffen?<\/h2>\t\t\t\t<\/div>\n\t\t\t\t<div class=\"elementor-element elementor-element-177b8a4 elementor-widget elementor-widget-text-editor\" data-id=\"177b8a4\" data-element_type=\"widget\" data-widget_type=\"text-editor.default\">\n\t\t\t\t\t\t\t\t\t<p>Mit Profin jetzt das bessere Angebot sichern!<\/p><p>Best\u00e4tigt \u2014 neben den EA-189-Motoren sind noch weitere Motoren vom Dieselskandal betroffen.<\/p>\t\t\t\t\t\t\t\t<\/div>\n\t\t\t\t<div class=\"elementor-element elementor-element-a59ad01 elementor-align-center elementor-widget elementor-widget-button\" data-id=\"a59ad01\" data-element_type=\"widget\" data-widget_type=\"button.default\">\n\t\t\t\t\t\t\t\t\t\t<a class=\"elementor-button elementor-button-link elementor-size-sm\" href=\"https:\/\/profin-claims.com\/?page_id=77\">\n\t\t\t\t\t\t<span class=\"elementor-button-content-wrapper\">\n\t\t\t\t\t\t\t\t\t<span class=\"elementor-button-text\">ANSPRUCH SICHERN<\/span>\n\t\t\t\t\t<\/span>\n\t\t\t\t\t<\/a>\n\t\t\t\t\t\t\t\t<\/div>\n\t\t\t\t\t<\/div>\n\t\t\t\t<\/div>\n\t\t<div class=\"elementor-element elementor-element-ddd7744 e-flex e-con-boxed e-con e-parent\" data-id=\"ddd7744\" data-element_type=\"container\">\n\t\t\t\t\t<div class=\"e-con-inner\">\n\t\t<div class=\"elementor-element elementor-element-e81161c e-con-full e-flex e-con e-child\" data-id=\"e81161c\" data-element_type=\"container\">\n\t\t\t\t<div class=\"elementor-element elementor-element-f53828d elementor-widget elementor-widget-text-editor\" data-id=\"f53828d\" data-element_type=\"widget\" data-widget_type=\"text-editor.default\">\n\t\t\t\t\t\t\t\t\tAbgasskandal Dieselfahrzeuge\t\t\t\t\t\t\t\t<\/div>\n\t\t\t\t<div class=\"elementor-element elementor-element-28ca1a6 elementor-widget elementor-widget-text-editor\" data-id=\"28ca1a6\" data-element_type=\"widget\" data-widget_type=\"text-editor.default\">\n\t\t\t\t\t\t\t\t\t<p>Der Abgasskandal geht in die n\u00e4chste Runde. Das Kraftfahrtbundesamt (KBA) hat den verpflichtenden R\u00fcckruf von Dieselfahrzeugen wegen illegaler Abschalteinrichtungen angeordnet.<\/p><p>M\u00f6gliche betroffene Fahrzeuge:<\/p><ul><li>Audi A1, A3, A4, A5, A6, A7 &amp; A8, Q2, Q3, Q5, Q7 &amp; TT<br \/>Seat Alhambra, Arona, Ateca, Ibiza, Leon &amp; Tarraco<\/li><li>Skoda Fabia, Karoq, Kodiaq, Octavia, Rapid, Superb &amp; Yeti<\/li><li>VW Arteon, Amarok, Beetle, Caddy, Golf VII, Jetta IV, Passat, Phaeton, Polo, Scirocco, Sharan, T6, Tiguan, Touareg &amp; T-Roc<\/li><li>Porsche Cayenne, Macan &amp; Panamera<\/li><li>Mercedes-Benz C-Klasse, CLS, E-Klasse, GLC, GLE, GLK, ML, S-Klasse, Vito\/Viano &amp; V-Klasse<\/li><li>und viele mehr<\/li><\/ul><p>\u00dcberpr\u00fcfen Sie jetzt Ihren Anspruch und erhalten Sie die gerechte Erstattung. \u200b<\/p>\t\t\t\t\t\t\t\t<\/div>\n\t\t\t\t<div class=\"elementor-element elementor-element-c95c9e2 elementor-widget elementor-widget-spacer\" data-id=\"c95c9e2\" data-element_type=\"widget\" data-widget_type=\"spacer.default\">\n\t\t\t\t\t\t\t<div class=\"elementor-spacer\">\n\t\t\t<div class=\"elementor-spacer-inner\"><\/div>\n\t\t<\/div>\n\t\t\t\t\t\t<\/div>\n\t\t\t\t<div class=\"elementor-element elementor-element-f6e8962 elementor-align-left elementor-widget elementor-widget-button\" data-id=\"f6e8962\" data-element_type=\"widget\" data-widget_type=\"button.default\">\n\t\t\t\t\t\t\t\t\t\t<a class=\"elementor-button elementor-button-link elementor-size-sm\" href=\"https:\/\/profin-claims.com\/?page_id=77\">\n\t\t\t\t\t\t<span class=\"elementor-button-content-wrapper\">\n\t\t\t\t\t\t\t\t\t<span class=\"elementor-button-text\">UNSER ANGEBOT F\u00dcR IHREN DIESEL<\/span>\n\t\t\t\t\t<\/span>\n\t\t\t\t\t<\/a>\n\t\t\t\t\t\t\t\t<\/div>\n\t\t\t\t<\/div>\n\t\t<div class=\"elementor-element elementor-element-a8256bb e-con-full e-flex e-con e-child\" data-id=\"a8256bb\" data-element_type=\"container\">\n\t\t\t\t<div class=\"elementor-element elementor-element-0dbf529 elementor-widget elementor-widget-image\" data-id=\"0dbf529\" data-element_type=\"widget\" data-widget_type=\"image.default\">\n\t\t\t\t\t\t\t\t\t\t\t\t\t\t\t<img fetchpriority=\"high\" decoding=\"async\" width=\"1024\" height=\"905\" src=\"https:\/\/profin-claims.com\/wp-content\/uploads\/2025\/07\/Audi_3.0-1024x905-1.png\" class=\"attachment-large size-large wp-image-57\" alt=\"\" srcset=\"https:\/\/profin-claims.com\/wp-content\/uploads\/2025\/07\/Audi_3.0-1024x905-1.png 1024w, https:\/\/profin-claims.com\/wp-content\/uploads\/2025\/07\/Audi_3.0-1024x905-1-300x265.png 300w, https:\/\/profin-claims.com\/wp-content\/uploads\/2025\/07\/Audi_3.0-1024x905-1-768x679.png 768w\" sizes=\"(max-width: 1024px) 100vw, 1024px\" \/>\t\t\t\t\t\t\t\t\t\t\t\t\t\t\t<\/div>\n\t\t\t\t<div class=\"elementor-element elementor-element-c9a1cad elementor-widget elementor-widget-text-editor\" data-id=\"c9a1cad\" data-element_type=\"widget\" data-widget_type=\"text-editor.default\">\n\t\t\t\t\t\t\t\t\tWir setzen uns f\u00fcr Ihre Anspr\u00fcche ein, auch wenn Sie das Fahrzeug bereits verkauft haben. Was haben Sie zu verlieren? Das Auto ist verkauft \u2013 Sie haben den Verkaufspreis bereits eingenommen. Die Schadensersatzsumme kommt oben drauf!\t\t\t\t\t\t\t\t<\/div>\n\t\t\t\t<\/div>\n\t\t\t\t\t<\/div>\n\t\t\t\t<\/div>\n\t\t<div class=\"elementor-element elementor-element-c0f82c9 e-flex e-con-boxed e-con e-parent\" data-id=\"c0f82c9\" data-element_type=\"container\">\n\t\t\t\t\t<div class=\"e-con-inner\">\n\t\t<div class=\"elementor-element elementor-element-7add7be e-con-full e-flex e-con e-child\" data-id=\"7add7be\" data-element_type=\"container\">\n\t\t\t\t<div class=\"elementor-element elementor-element-b79de81 elementor-widget elementor-widget-text-editor\" data-id=\"b79de81\" data-element_type=\"widget\" data-widget_type=\"text-editor.default\">\n\t\t\t\t\t\t\t\t\t<p>Profin &#8211; Ma\u00dfgeschneiderte Prozesskostenfinanzierung<\/p>\t\t\t\t\t\t\t\t<\/div>\n\t\t\t\t<div class=\"elementor-element elementor-element-a33aced elementor-widget elementor-widget-text-editor\" data-id=\"a33aced\" data-element_type=\"widget\" data-widget_type=\"text-editor.default\">\n\t\t\t\t\t\t\t\t\t<p>Als deutscher Prozessfinanzierer sind wir auf die Finanzierung einer effektiven Durchsetzung der Rechte von gesch\u00e4digten Verbrauchern und Gewerbekunden spezialisiert. Dazu nutzen wir innovative Legal-Tech-L\u00f6sungen, mit denen wir Arbeitsabl\u00e4ufe und Prozessschritte optimieren.<\/p>\t\t\t\t\t\t\t\t<\/div>\n\t\t\t\t<div class=\"elementor-element elementor-element-ddbb839 elementor-widget elementor-widget-spacer\" data-id=\"ddbb839\" data-element_type=\"widget\" data-widget_type=\"spacer.default\">\n\t\t\t\t\t\t\t<div class=\"elementor-spacer\">\n\t\t\t<div class=\"elementor-spacer-inner\"><\/div>\n\t\t<\/div>\n\t\t\t\t\t\t<\/div>\n\t\t\t\t<div class=\"elementor-element elementor-element-3af1588 elementor-align-left elementor-widget elementor-widget-button\" data-id=\"3af1588\" data-element_type=\"widget\" data-widget_type=\"button.default\">\n\t\t\t\t\t\t\t\t\t\t<a class=\"elementor-button elementor-button-link elementor-size-sm\" href=\"#\">\n\t\t\t\t\t\t<span class=\"elementor-button-content-wrapper\">\n\t\t\t\t\t\t\t\t\t<span class=\"elementor-button-text\">MEHR \u00dcBER UNS<\/span>\n\t\t\t\t\t<\/span>\n\t\t\t\t\t<\/a>\n\t\t\t\t\t\t\t\t<\/div>\n\t\t\t\t<\/div>\n\t\t<div class=\"elementor-element elementor-element-def3ea7 e-con-full e-flex e-con e-child\" data-id=\"def3ea7\" data-element_type=\"container\">\n\t\t\t\t<div class=\"elementor-element elementor-element-b587e6a elementor-widget elementor-widget-image\" data-id=\"b587e6a\" data-element_type=\"widget\" data-widget_type=\"image.default\">\n\t\t\t\t\t\t\t\t\t\t\t\t\t\t\t<img decoding=\"async\" width=\"653\" height=\"430\" src=\"https:\/\/profin-claims.com\/wp-content\/uploads\/2025\/07\/Main.jpg\" class=\"attachment-large size-large wp-image-32\" alt=\"\" srcset=\"https:\/\/profin-claims.com\/wp-content\/uploads\/2025\/07\/Main.jpg 653w, https:\/\/profin-claims.com\/wp-content\/uploads\/2025\/07\/Main-300x198.jpg 300w\" sizes=\"(max-width: 653px) 100vw, 653px\" \/>\t\t\t\t\t\t\t\t\t\t\t\t\t\t\t<\/div>\n\t\t\t\t<\/div>\n\t\t\t\t\t<\/div>\n\t\t\t\t<\/div>\n\t\t<div class=\"elementor-element elementor-element-4574de8 e-con-full e-flex e-con e-parent\" data-id=\"4574de8\" data-element_type=\"container\">\n\t\t<div class=\"elementor-element elementor-element-5c35a83 e-con-full e-flex e-con e-child\" data-id=\"5c35a83\" data-element_type=\"container\" data-settings=\"{&quot;background_background&quot;:&quot;classic&quot;}\">\n\t\t\t\t<div class=\"elementor-element elementor-element-4b94141 elementor-widget elementor-widget-image\" data-id=\"4b94141\" data-element_type=\"widget\" data-widget_type=\"image.default\">\n\t\t\t\t\t\t\t\t\t\t\t\t\t\t\t<img decoding=\"async\" width=\"128\" height=\"128\" src=\"https:\/\/profin-claims.com\/wp-content\/uploads\/2025\/07\/contract.png\" class=\"attachment-large size-large wp-image-23\" alt=\"\" \/>\t\t\t\t\t\t\t\t\t\t\t\t\t\t\t<\/div>\n\t\t\t\t<div class=\"elementor-element elementor-element-cbaa0e0 elementor-widget elementor-widget-text-editor\" data-id=\"cbaa0e0\" data-element_type=\"widget\" data-widget_type=\"text-editor.default\">\n\t\t\t\t\t\t\t\t\t\u00dcberpr\u00fcfen Sie jetzt Ihren Anspruch\t\t\t\t\t\t\t\t<\/div>\n\t\t\t\t<\/div>\n\t\t<div class=\"elementor-element elementor-element-14db339 e-con-full e-flex e-con e-child\" data-id=\"14db339\" data-element_type=\"container\" data-settings=\"{&quot;background_background&quot;:&quot;classic&quot;}\">\n\t\t\t\t<div class=\"elementor-element elementor-element-af100f6 elementor-widget elementor-widget-image\" data-id=\"af100f6\" data-element_type=\"widget\" data-widget_type=\"image.default\">\n\t\t\t\t\t\t\t\t\t\t\t\t\t\t\t<img loading=\"lazy\" decoding=\"async\" width=\"128\" height=\"128\" src=\"https:\/\/profin-claims.com\/wp-content\/uploads\/2025\/07\/white-house.png\" class=\"attachment-large size-large wp-image-45\" alt=\"\" \/>\t\t\t\t\t\t\t\t\t\t\t\t\t\t\t<\/div>\n\t\t\t\t<div class=\"elementor-element elementor-element-6266d5b elementor-widget elementor-widget-text-editor\" data-id=\"6266d5b\" data-element_type=\"widget\" data-widget_type=\"text-editor.default\">\n\t\t\t\t\t\t\t\t\tKlagen Sie mit Hilfe von Profin\t\t\t\t\t\t\t\t<\/div>\n\t\t\t\t<\/div>\n\t\t<div class=\"elementor-element elementor-element-ef3553a e-con-full e-flex e-con e-child\" data-id=\"ef3553a\" data-element_type=\"container\" data-settings=\"{&quot;background_background&quot;:&quot;classic&quot;}\">\n\t\t\t\t<div class=\"elementor-element elementor-element-f4fd2e5 elementor-widget elementor-widget-image\" data-id=\"f4fd2e5\" data-element_type=\"widget\" data-widget_type=\"image.default\">\n\t\t\t\t\t\t\t\t\t\t\t\t\t\t\t<img loading=\"lazy\" decoding=\"async\" width=\"128\" height=\"128\" src=\"https:\/\/profin-claims.com\/wp-content\/uploads\/2025\/07\/balance-1.png\" class=\"attachment-large size-large wp-image-16\" alt=\"\" \/>\t\t\t\t\t\t\t\t\t\t\t\t\t\t\t<\/div>\n\t\t\t\t<div class=\"elementor-element elementor-element-b1a3435 elementor-widget elementor-widget-text-editor\" data-id=\"b1a3435\" data-element_type=\"widget\" data-widget_type=\"text-editor.default\">\n\t\t\t\t\t\t\t\t\tErhalten Sie Ihre gerechte Erstattung\t\t\t\t\t\t\t\t<\/div>\n\t\t\t\t<\/div>\n\t\t\t\t<\/div>\n\t\t<div class=\"elementor-element elementor-element-5c771f1 e-flex e-con-boxed e-con e-parent\" data-id=\"5c771f1\" data-element_type=\"container\" data-settings=\"{&quot;background_background&quot;:&quot;classic&quot;}\">\n\t\t\t\t\t<div class=\"e-con-inner\">\n\t\t\t\t<div class=\"elementor-element elementor-element-9494747 elementor-widget elementor-widget-heading\" data-id=\"9494747\" data-element_type=\"widget\" data-widget_type=\"heading.default\">\n\t\t\t\t\t<h2 class=\"elementor-heading-title elementor-size-default\">Mit uns kommen Sie zu Ihrem Recht\n<\/h2>\t\t\t\t<\/div>\n\t\t\t\t<div class=\"elementor-element elementor-element-263e6fd elementor-widget elementor-widget-text-editor\" data-id=\"263e6fd\" data-element_type=\"widget\" data-widget_type=\"text-editor.default\">\n\t\t\t\t\t\t\t\t\t<p>Wir kennen den deutschen Markt und die Bed\u00fcrfnisse gesch\u00e4digter Kunden. Im Rahmen unserer Pr\u00fcfung einer Finanzierungsanfrage kennen und ber\u00fccksichtigen wir die juristischen Tricks und Winkelz\u00fcge, mit denen Konzerne und Gro\u00dfunternehmen versuchen, sich bei Schadensf\u00e4llen ihrer Verantwortung zu entziehen, gesch\u00e4digte Kunden abzuwimmeln und Verfahren in die L\u00e4nge zu ziehen. Mit uns kommen Sie zu Ihrem guten Recht. Auch ohne Rechtsschutzversicherung.<\/p>\t\t\t\t\t\t\t\t<\/div>\n\t\t\t\t\t<\/div>\n\t\t\t\t<\/div>\n\t\t<div class=\"elementor-element elementor-element-7c1c37b e-flex e-con-boxed e-con e-parent\" data-id=\"7c1c37b\" data-element_type=\"container\">\n\t\t\t\t\t<div class=\"e-con-inner\">\n\t\t\t\t<div class=\"elementor-element elementor-element-0dc71d3 elementor-widget elementor-widget-heading\" data-id=\"0dc71d3\" data-element_type=\"widget\" data-widget_type=\"heading.default\">\n\t\t\t\t\t<h2 class=\"elementor-heading-title elementor-size-default\">Prozesskosten\u00fcbernahme \u2013 Ihre Vorteile\n<\/h2>\t\t\t\t<\/div>\n\t\t\t\t<div class=\"elementor-element elementor-element-7d33ca1 elementor-widget elementor-widget-text-editor\" data-id=\"7d33ca1\" data-element_type=\"widget\" data-widget_type=\"text-editor.default\">\n\t\t\t\t\t\t\t\t\t<p>Hohe Prozesskosten und Prozessrisiken stehen f\u00fcr Verbraucher und Gewerbekunden h\u00e4ufig au\u00dfer Verh\u00e4ltnis zu dem Schadensersatz, der ihnen am Ende zusteht. Meist war es nur f\u00fcr gesch\u00e4digte Kunden mit Rechtsschutzversicherung wirtschaftlich sinnvoll, ihre Rechte individuell durchzusetzen. Mit den ma\u00dfgeschneiderten Prozessfinanzierungsl\u00f6sungen von Profin \u00e4ndert sich das jetzt. Mit uns kann jeder zu seinem guten Recht kommen, auch ohne Rechtsschutzversicherung. Bei \u00fcberwiegenden Erfolgsaussichten k\u00f6nnen wir Klagen einzelner Verbraucher und Gewerbekunden zu attraktiven Konditionen finanzieren. Ohne Kosten und ohne Risiken. Nur im Erfolgsfall bekommen wir einen Teil der erstrittenen Summe.<\/p>\t\t\t\t\t\t\t\t<\/div>\n\t\t\t\t<div class=\"elementor-element elementor-element-91d251e elementor-widget elementor-widget-spacer\" data-id=\"91d251e\" data-element_type=\"widget\" data-widget_type=\"spacer.default\">\n\t\t\t\t\t\t\t<div class=\"elementor-spacer\">\n\t\t\t<div class=\"elementor-spacer-inner\"><\/div>\n\t\t<\/div>\n\t\t\t\t\t\t<\/div>\n\t\t\t\t<div class=\"elementor-element elementor-element-9090120 elementor-align-center elementor-widget elementor-widget-button\" data-id=\"9090120\" data-element_type=\"widget\" data-widget_type=\"button.default\">\n\t\t\t\t\t\t\t\t\t\t<a class=\"elementor-button elementor-button-link elementor-size-sm\" href=\"https:\/\/profin-claims.com\/?page_id=77\">\n\t\t\t\t\t\t<span class=\"elementor-button-content-wrapper\">\n\t\t\t\t\t\t\t\t\t<span class=\"elementor-button-text\">Vergleichsangebot ok? Anspruch pr\u00fcfen!<\/span>\n\t\t\t\t\t<\/span>\n\t\t\t\t\t<\/a>\n\t\t\t\t\t\t\t\t<\/div>\n\t\t\t\t\t<\/div>\n\t\t\t\t<\/div>\n\t\t<div class=\"elementor-element elementor-element-f696847 e-con-full e-flex e-con e-parent\" data-id=\"f696847\" data-element_type=\"container\">\n\t\t<div class=\"elementor-element elementor-element-f2201e5 e-flex e-con-boxed e-con e-child\" data-id=\"f2201e5\" data-element_type=\"container\" data-settings=\"{&quot;background_background&quot;:&quot;classic&quot;}\">\n\t\t\t\t\t<div class=\"e-con-inner\">\n\t\t\t\t<div class=\"elementor-element elementor-element-4052e99 elementor-widget-divider--view-line elementor-widget elementor-widget-divider\" data-id=\"4052e99\" data-element_type=\"widget\" data-widget_type=\"divider.default\">\n\t\t\t\t\t\t\t<div class=\"elementor-divider\">\n\t\t\t<span class=\"elementor-divider-separator\">\n\t\t\t\t\t\t<\/span>\n\t\t<\/div>\n\t\t\t\t\t\t<\/div>\n\t\t\t\t<div class=\"elementor-element elementor-element-3b1917d elementor-widget elementor-widget-text-editor\" data-id=\"3b1917d\" data-element_type=\"widget\" data-widget_type=\"text-editor.default\">\n\t\t\t\t\t\t\t\t\t<p>\u201cDie Prozessrisiken stehen f\u00fcr den einzelnen Verbraucher h\u00e4ufig au\u00dfer Verh\u00e4ltnis zu dem Schadensersatz, der ihm am Ende zusteht.\u201d<\/p>\t\t\t\t\t\t\t\t<\/div>\n\t\t\t\t<div class=\"elementor-element elementor-element-df4f68f elementor-widget elementor-widget-spacer\" data-id=\"df4f68f\" data-element_type=\"widget\" data-widget_type=\"spacer.default\">\n\t\t\t\t\t\t\t<div class=\"elementor-spacer\">\n\t\t\t<div class=\"elementor-spacer-inner\"><\/div>\n\t\t<\/div>\n\t\t\t\t\t\t<\/div>\n\t\t\t\t<div class=\"elementor-element elementor-element-82cf9e1 elementor-widget elementor-widget-text-editor\" data-id=\"82cf9e1\" data-element_type=\"widget\" data-widget_type=\"text-editor.default\">\n\t\t\t\t\t\t\t\t\t<p>Christopher Rother<\/p>\t\t\t\t\t\t\t\t<\/div>\n\t\t\t\t<div class=\"elementor-element elementor-element-b4dc2c9 elementor-widget elementor-widget-text-editor\" data-id=\"b4dc2c9\" data-element_type=\"widget\" data-widget_type=\"text-editor.default\">\n\t\t\t\t\t\t\t\t\t<p>CEO<\/p>\t\t\t\t\t\t\t\t<\/div>\n\t\t\t\t\t<\/div>\n\t\t\t\t<\/div>\n\t\t<div class=\"elementor-element elementor-element-362aa96 e-flex e-con-boxed e-con e-child\" data-id=\"362aa96\" data-element_type=\"container\" data-settings=\"{&quot;background_background&quot;:&quot;classic&quot;}\">\n\t\t\t\t\t<div class=\"e-con-inner\">\n\t\t\t\t\t<\/div>\n\t\t\t\t<\/div>\n\t\t\t\t<\/div>\n\t\t<div class=\"elementor-element elementor-element-b2409a1 e-flex e-con-boxed e-con e-parent\" data-id=\"b2409a1\" data-element_type=\"container\">\n\t\t\t\t\t<div class=\"e-con-inner\">\n\t\t\t\t<div class=\"elementor-element elementor-element-378517e elementor-widget elementor-widget-text-editor\" data-id=\"378517e\" data-element_type=\"widget\" data-widget_type=\"text-editor.default\">\n\t\t\t\t\t\t\t\t\tCEO von Profin Claims GmbH\t\t\t\t\t\t\t\t<\/div>\n\t\t\t\t\t<\/div>\n\t\t\t\t<\/div>\n\t\t<div class=\"elementor-element elementor-element-561f27b e-flex e-con-boxed e-con e-parent\" data-id=\"561f27b\" data-element_type=\"container\">\n\t\t\t\t\t<div class=\"e-con-inner\">\n\t\t<div class=\"elementor-element elementor-element-088c5a6 e-con-full e-flex e-con e-child\" data-id=\"088c5a6\" data-element_type=\"container\" data-settings=\"{&quot;background_background&quot;:&quot;classic&quot;}\">\n\t\t\t\t<\/div>\n\t\t<div class=\"elementor-element elementor-element-1cac0ab e-con-full e-flex e-con e-child\" data-id=\"1cac0ab\" data-element_type=\"container\" data-settings=\"{&quot;background_background&quot;:&quot;classic&quot;}\">\n\t\t\t\t<div class=\"elementor-element elementor-element-f3d28cb elementor-widget elementor-widget-text-editor\" data-id=\"f3d28cb\" data-element_type=\"widget\" data-widget_type=\"text-editor.default\">\n\t\t\t\t\t\t\t\t\t<p>Christopher\u00a0Rother<\/p>\t\t\t\t\t\t\t\t<\/div>\n\t\t\t\t<div class=\"elementor-element elementor-element-0bdefde elementor-widget elementor-widget-text-editor\" data-id=\"0bdefde\" data-element_type=\"widget\" data-widget_type=\"text-editor.default\">\n\t\t\t\t\t\t\t\t\t<p>Pionier der privaten Rechtsdurchsetzung<\/p>\t\t\t\t\t\t\t\t<\/div>\n\t\t\t\t<div class=\"elementor-element elementor-element-8afa8d0 elementor-widget elementor-widget-text-editor\" data-id=\"8afa8d0\" data-element_type=\"widget\" data-widget_type=\"text-editor.default\">\n\t\t\t\t\t\t\t\t\tChristopher Rother gilt als einer der Pioniere der privaten Rechtsdurchsetzung in Deutschland und Europa. In fast 30 Berufsjahren als Rechtsanwalt hat Christopher Rother die Rechtsentwicklung auf dem Gebiet der privaten Rechtsdurchsetzung ma\u00dfgeblich mitgepr\u00e4gt. Christopher Rother hat sich unter anderem im Abgasskandal von Anfang an prominent auf Seiten der Verbraucher positioniert und w\u00e4hrend seines Wirkens als Managing Partner der von ihm aufgebauten und geleiteten deutschen B\u00fcros einer internationalen Anwaltskanzlei die Durchsetzung von mehr als 40.000 Anspr\u00fcchen gesch\u00e4digter Verbraucher aus dem In- und Ausland betreut. Mit Christopher Rother haben Sie einen starken Partner an Ihrer Seite, wenn es um Ihr gutes Recht geht.\t\t\t\t\t\t\t\t<\/div>\n\t\t\t\t<div class=\"elementor-element elementor-element-fc30165 elementor-widget elementor-widget-spacer\" data-id=\"fc30165\" data-element_type=\"widget\" data-widget_type=\"spacer.default\">\n\t\t\t\t\t\t\t<div class=\"elementor-spacer\">\n\t\t\t<div class=\"elementor-spacer-inner\"><\/div>\n\t\t<\/div>\n\t\t\t\t\t\t<\/div>\n\t\t\t\t<div class=\"elementor-element elementor-element-86010cd elementor-align-left elementor-widget elementor-widget-button\" data-id=\"86010cd\" data-element_type=\"widget\" data-widget_type=\"button.default\">\n\t\t\t\t\t\t\t\t\t\t<a class=\"elementor-button elementor-button-link elementor-size-sm\" href=\"#\">\n\t\t\t\t\t\t<span class=\"elementor-button-content-wrapper\">\n\t\t\t\t\t\t\t\t\t<span class=\"elementor-button-text\">MEHR \u00dcBER CHRISTOPHER ROTHER<\/span>\n\t\t\t\t\t<\/span>\n\t\t\t\t\t<\/a>\n\t\t\t\t\t\t\t\t<\/div>\n\t\t\t\t<\/div>\n\t\t\t\t\t<\/div>\n\t\t\t\t<\/div>\n\t\t<div class=\"elementor-element elementor-element-e547cac e-flex e-con-boxed e-con e-parent\" data-id=\"e547cac\" data-element_type=\"container\">\n\t\t\t\t\t<div class=\"e-con-inner\">\n\t\t\t\t\t<\/div>\n\t\t\t\t<\/div>\n\t\t\t\t<\/div>\n\t\t","protected":false},"excerpt":{"rendered":"<p>Auch vom Dieselskandal betroffen? Mit Profin jetzt das bessere Angebot sichern! Best\u00e4tigt \u2014 neben den EA-189-Motoren sind noch weitere Motoren vom Dieselskandal betroffen. ANSPRUCH SICHERN Abgasskandal Dieselfahrzeuge Der Abgasskandal geht in die n\u00e4chste Runde. Das Kraftfahrtbundesamt (KBA) hat den verpflichtenden R\u00fcckruf von Dieselfahrzeugen wegen illegaler Abschalteinrichtungen angeordnet. M\u00f6gliche betroffene Fahrzeuge: Audi A1, A3, A4, A5, [&hellip;]<\/p>\n","protected":false},"author":1,"featured_media":0,"parent":0,"menu_order":0,"comment_status":"closed","ping_status":"closed","template":"elementor_header_footer","meta":{"footnotes":""},"class_list":["post-91","page","type-page","status-publish","hentry"],"blocksy_meta":[],"_links":{"self":[{"href":"https:\/\/profin-claims.com\/index.php?rest_route=\/wp\/v2\/pages\/91","targetHints":{"allow":["GET"]}}],"collection":[{"href":"https:\/\/profin-claims.com\/index.php?rest_route=\/wp\/v2\/pages"}],"about":[{"href":"https:\/\/profin-claims.com\/index.php?rest_route=\/wp\/v2\/types\/page"}],"author":[{"embeddable":true,"href":"https:\/\/profin-claims.com\/index.php?rest_route=\/wp\/v2\/users\/1"}],"replies":[{"embeddable":true,"href":"https:\/\/profin-claims.com\/index.php?rest_route=%2Fwp%2Fv2%2Fcomments&post=91"}],"version-history":[{"count":13,"href":"https:\/\/profin-claims.com\/index.php?rest_route=\/wp\/v2\/pages\/91\/revisions"}],"predecessor-version":[{"id":105,"href":"https:\/\/profin-claims.com\/index.php?rest_route=\/wp\/v2\/pages\/91\/revisions\/105"}],"wp:attachment":[{"href":"https:\/\/profin-claims.com\/index.php?rest_route=%2Fwp%2Fv2%2Fmedia&parent=91"}],"curies":[{"name":"wp","href":"https:\/\/api.w.org\/{rel}","templated":true}]}}